{"id":2,"date":"2016-05-10T03:48:21","date_gmt":"2016-05-10T03:48:21","guid":{"rendered":"https:\/\/www.somasrsa.cat\/?page_id=2"},"modified":"2025-11-18T08:14:16","modified_gmt":"2025-11-18T08:14:16","slug":"sample-page","status":"publish","type":"page","link":"https:\/\/www.somasrsa.cat\/","title":{"rendered":""},"content":{"rendered":"\n<div class=\"wp-block-cover wp-duotone-unset-1\" style=\"min-height:458px;aspect-ratio:unset;\"><img loading=\"lazy\" decoding=\"async\" width=\"1024\" height=\"726\" class=\"wp-block-cover__image-background wp-image-13686 size-large\" alt=\"\" src=\"https:\/\/www.somasrsa.cat\/wp-content\/uploads\/2025\/11\/foto-portada-1024x726.png\" data-object-fit=\"cover\" srcset=\"https:\/\/www.somasrsa.cat\/wp-content\/uploads\/2025\/11\/foto-portada-1024x726.png 1024w, https:\/\/www.somasrsa.cat\/wp-content\/uploads\/2025\/11\/foto-portada-300x213.png 300w, https:\/\/www.somasrsa.cat\/wp-content\/uploads\/2025\/11\/foto-portada-768x545.png 768w, https:\/\/www.somasrsa.cat\/wp-content\/uploads\/2025\/11\/foto-portada-1536x1090.png 1536w, https:\/\/www.somasrsa.cat\/wp-content\/uploads\/2025\/11\/foto-portada.png 1748w\" sizes=\"auto, (max-width: 1024px) 100vw, 1024px\" \/><span aria-hidden=\"true\" class=\"wp-block-cover__background has-background-dim-0 has-background-dim\" style=\"background-color:#1da1b0\"><\/span><div class=\"wp-block-cover__inner-container is-layout-flow wp-block-cover-is-layout-flow\">\n<p class=\"has-text-align-center has-text-color has-link-color has-x-large-font-size wp-elements-ff9f6879fabaa7ba24590dac4da9d744\" style=\"color:#1a4494\"><mark style=\"background-color:rgba(0, 0, 0, 0)\" class=\"has-inline-color has-white-color\">Societat Municipal d&#8217;Aig\u00fces i Serveis de Ripoll S.A.<\/mark><\/p>\n<\/div><\/div>\n\n\n\n<div class=\"wp-block-query alignfull is-layout-flow wp-block-query-is-layout-flow\">\n<div class=\"wp-block-group alignfull\" style=\"padding-top:0;padding-right:var(--wp--preset--spacing--40);padding-bottom:var(--wp--preset--spacing--40);padding-left:var(--wp--preset--spacing--40)\"><div class=\"wp-block-group__inner-container is-layout-flow wp-block-group-is-layout-flow\">\n<div class=\"wp-block-group is-nowrap is-layout-flex wp-container-core-group-is-layout-ad2f72ca wp-block-group-is-layout-flex\">\n<div style=\"height:100px;width:0px\" aria-hidden=\"true\" class=\"wp-block-spacer wp-container-content-6388d5dc\"><\/div>\n\n\n\n<div style=\"height:100px;width:131px\" aria-hidden=\"true\" class=\"wp-block-spacer wp-container-content-466c4b48\"><\/div>\n\n\n\n<div class=\"wp-block-query is-layout-flow wp-block-query-is-layout-flow\">\n<div class=\"wp-block-query is-layout-flow wp-block-query-is-layout-flow\">\n<div class=\"wp-block-group has-text-color has-link-color wp-elements-84ee62c98501d914a4e5ef0d92f7923b\" style=\"color:#1a4494;padding-top:30px;padding-right:30px;padding-bottom:30px;padding-left:30px\"><div class=\"wp-block-group__inner-container is-layout-flow wp-block-group-is-layout-flow\">\n<div style=\"height:37px\" aria-hidden=\"true\" class=\"wp-block-spacer\"><\/div>\n\n\n\n<h2 class=\"wp-block-heading has-text-align-center\"><strong>NOT\u00cdCIES<\/strong><\/h2>\n<\/div><\/div>\n\n\n\n<div class=\"wp-block-query is-layout-flow wp-block-query-is-layout-flow\"><ul class=\"columns-4 wp-block-post-template is-layout-grid wp-container-core-post-template-is-layout-b954fd2f wp-block-post-template-is-layout-grid\"><li class=\"wp-block-post post-13933 post type-post status-publish format-standard has-post-thumbnail hentry category-uncategorized\">\n\n<div class=\"wp-block-group\" style=\"padding-top:30px;padding-right:30px;padding-bottom:30px;padding-left:30px\"><div class=\"wp-block-group__inner-container is-layout-flow wp-block-group-is-layout-flow\">\n<div class=\"wp-block-cover alignfull is-light has-custom-content-position is-position-top-left wp-duotone-unset-2\" style=\"min-height:201px;aspect-ratio:unset;\"><span aria-hidden=\"true\" class=\"wp-block-cover__background has-background-dim\" style=\"background-color:#f4f9fd\"><\/span><img loading=\"lazy\" decoding=\"async\" width=\"773\" height=\"675\" src=\"https:\/\/www.somasrsa.cat\/wp-content\/uploads\/2025\/09\/aigua48.png\" class=\"wp-block-cover__image-background wp-post-image\" alt=\"\" data-object-fit=\"cover\" srcset=\"https:\/\/www.somasrsa.cat\/wp-content\/uploads\/2025\/09\/aigua48.png 773w, https:\/\/www.somasrsa.cat\/wp-content\/uploads\/2025\/09\/aigua48-300x262.png 300w, https:\/\/www.somasrsa.cat\/wp-content\/uploads\/2025\/09\/aigua48-768x671.png 768w\" sizes=\"auto, (max-width: 773px) 100vw, 773px\" \/><div class=\"wp-block-cover__inner-container is-layout-constrained wp-block-cover-is-layout-constrained\">\n<p class=\"has-text-align-center has-medium-font-size\"><\/p>\n<\/div><\/div>\n\n\n\n<div style=\"height:32px\" aria-hidden=\"true\" class=\"wp-block-spacer\"><\/div>\n\n\n<h2 class=\"wp-block-post-title has-small-font-size\"><a href=\"https:\/\/www.somasrsa.cat\/?p=13933\" target=\"_self\" >NOVETATS EN EL C\u00c0NON DE L&#8217;AIGUA<\/a><\/h2>\n\n<div class=\"wp-block-post-excerpt has-small-font-size\"><p class=\"wp-block-post-excerpt__excerpt\">Us informem que el 25 de mar\u00e7 de 2026 s&#8217;ha publicat al DOGC el Decret llei 3\/2026 de 24 de mar\u00e7, que introdueix una modificaci\u00f3 dels tipus aplicables del c\u00e0non &#8230; <\/p><\/div>\n\n<div class=\"wp-block-post-date\"><time datetime=\"2026-04-17T08:29:32+00:00\">abril 17, 2026<\/time><\/div><\/div><\/div>\n\n<\/li><li class=\"wp-block-post post-13927 post type-post status-publish format-standard has-post-thumbnail hentry category-uncategorized\">\n\n<div class=\"wp-block-group\" style=\"padding-top:30px;padding-right:30px;padding-bottom:30px;padding-left:30px\"><div class=\"wp-block-group__inner-container is-layout-flow wp-block-group-is-layout-flow\">\n<div class=\"wp-block-cover alignfull is-light has-custom-content-position is-position-top-left wp-duotone-unset-3\" style=\"min-height:201px;aspect-ratio:unset;\"><span aria-hidden=\"true\" class=\"wp-block-cover__background has-background-dim\" style=\"background-color:#f4f9fd\"><\/span><img loading=\"lazy\" decoding=\"async\" width=\"785\" height=\"725\" src=\"https:\/\/www.somasrsa.cat\/wp-content\/uploads\/2025\/11\/foto-reparacio-3.png\" class=\"wp-block-cover__image-background wp-post-image\" alt=\"\" data-object-fit=\"cover\" srcset=\"https:\/\/www.somasrsa.cat\/wp-content\/uploads\/2025\/11\/foto-reparacio-3.png 785w, https:\/\/www.somasrsa.cat\/wp-content\/uploads\/2025\/11\/foto-reparacio-3-300x277.png 300w, https:\/\/www.somasrsa.cat\/wp-content\/uploads\/2025\/11\/foto-reparacio-3-768x709.png 768w\" sizes=\"auto, (max-width: 785px) 100vw, 785px\" \/><div class=\"wp-block-cover__inner-container is-layout-constrained wp-block-cover-is-layout-constrained\">\n<p class=\"has-text-align-center has-medium-font-size\"><\/p>\n<\/div><\/div>\n\n\n\n<div style=\"height:32px\" aria-hidden=\"true\" class=\"wp-block-spacer\"><\/div>\n\n\n<h2 class=\"wp-block-post-title has-small-font-size\"><a href=\"https:\/\/www.somasrsa.cat\/?p=13927\" target=\"_self\" >DIMECRES 15 D&#8217;ABRIL<\/a><\/h2>\n\n<div class=\"wp-block-post-excerpt has-small-font-size\"><p class=\"wp-block-post-excerpt__excerpt\">AVARIA A LA XARXA. Subministrament susp\u00e8s al c\/ Martinets n. de l&#8217;1 al 5. Servei restablert a les 17:15h. <\/p><\/div>\n\n<div class=\"wp-block-post-date\"><time datetime=\"2026-04-15T07:50:18+00:00\">abril 15, 2026<\/time><\/div><\/div><\/div>\n\n<\/li><li class=\"wp-block-post post-13918 post type-post status-publish format-standard has-post-thumbnail hentry category-uncategorized\">\n\n<div class=\"wp-block-group\" style=\"padding-top:30px;padding-right:30px;padding-bottom:30px;padding-left:30px\"><div class=\"wp-block-group__inner-container is-layout-flow wp-block-group-is-layout-flow\">\n<div class=\"wp-block-cover alignfull is-light has-custom-content-position is-position-top-left wp-duotone-unset-4\" style=\"min-height:201px;aspect-ratio:unset;\"><span aria-hidden=\"true\" class=\"wp-block-cover__background has-background-dim\" style=\"background-color:#f4f9fd\"><\/span><img loading=\"lazy\" decoding=\"async\" width=\"785\" height=\"725\" src=\"https:\/\/www.somasrsa.cat\/wp-content\/uploads\/2025\/11\/foto-reparacio-3.png\" class=\"wp-block-cover__image-background wp-post-image\" alt=\"\" data-object-fit=\"cover\" srcset=\"https:\/\/www.somasrsa.cat\/wp-content\/uploads\/2025\/11\/foto-reparacio-3.png 785w, https:\/\/www.somasrsa.cat\/wp-content\/uploads\/2025\/11\/foto-reparacio-3-300x277.png 300w, https:\/\/www.somasrsa.cat\/wp-content\/uploads\/2025\/11\/foto-reparacio-3-768x709.png 768w\" sizes=\"auto, (max-width: 785px) 100vw, 785px\" \/><div class=\"wp-block-cover__inner-container is-layout-constrained wp-block-cover-is-layout-constrained\">\n<p class=\"has-text-align-center has-medium-font-size\"><\/p>\n<\/div><\/div>\n\n\n\n<div style=\"height:32px\" aria-hidden=\"true\" class=\"wp-block-spacer\"><\/div>\n\n\n<h2 class=\"wp-block-post-title has-small-font-size\"><a href=\"https:\/\/www.somasrsa.cat\/?p=13918\" target=\"_self\" >DIMARTS 7 D&#8217;ABRIL<\/a><\/h2>\n\n<div class=\"wp-block-post-excerpt has-small-font-size\"><p class=\"wp-block-post-excerpt__excerpt\">AVARIA A LA XARXA. Subministrament susp\u00e8s a la Ctra. Barcelona n\u00ba del 44 al 76 (parells), C\/ Engordans, C\/ Lambert Mata, C\/ Margarida Diligeon, C\/ Josep M. Pellicer i C\/ &#8230; <\/p><\/div>\n\n<div class=\"wp-block-post-date\"><time datetime=\"2026-04-07T09:18:34+00:00\">abril 7, 2026<\/time><\/div><\/div><\/div>\n\n<\/li><li class=\"wp-block-post post-13903 post type-post status-publish format-standard has-post-thumbnail hentry category-uncategorized\">\n\n<div class=\"wp-block-group\" style=\"padding-top:30px;padding-right:30px;padding-bottom:30px;padding-left:30px\"><div class=\"wp-block-group__inner-container is-layout-flow wp-block-group-is-layout-flow\">\n<div class=\"wp-block-cover alignfull is-light has-custom-content-position is-position-top-left wp-duotone-unset-5\" style=\"min-height:201px;aspect-ratio:unset;\"><span aria-hidden=\"true\" class=\"wp-block-cover__background has-background-dim\" style=\"background-color:#f4f9fd\"><\/span><img loading=\"lazy\" decoding=\"async\" width=\"447\" height=\"308\" src=\"https:\/\/www.somasrsa.cat\/wp-content\/uploads\/2025\/09\/Tancat-rectangle.png\" class=\"wp-block-cover__image-background wp-post-image\" alt=\"\" data-object-fit=\"cover\" srcset=\"https:\/\/www.somasrsa.cat\/wp-content\/uploads\/2025\/09\/Tancat-rectangle.png 447w, https:\/\/www.somasrsa.cat\/wp-content\/uploads\/2025\/09\/Tancat-rectangle-300x207.png 300w\" sizes=\"auto, (max-width: 447px) 100vw, 447px\" \/><div class=\"wp-block-cover__inner-container is-layout-constrained wp-block-cover-is-layout-constrained\">\n<p class=\"has-text-align-center has-medium-font-size\"><\/p>\n<\/div><\/div>\n\n\n\n<div style=\"height:32px\" aria-hidden=\"true\" class=\"wp-block-spacer\"><\/div>\n\n\n<h2 class=\"wp-block-post-title has-small-font-size\"><a href=\"https:\/\/www.somasrsa.cat\/?p=13903\" target=\"_self\" >OFICINA TANCADA 2, 3 i 6 D&#8217;ABRIL<\/a><\/h2>\n\n<div class=\"wp-block-post-excerpt has-small-font-size\"><p class=\"wp-block-post-excerpt__excerpt\">L\u2019oficina de Somasrsa romandr\u00e0 tancada els dies 2, 3 i 6 d&#8217;abril. Per a qualsevol urg\u00e8ncia podeu trucar al tel\u00e8fon 900.30.40.70 (24 hores). <\/p><\/div>\n\n<div class=\"wp-block-post-date\"><time datetime=\"2026-03-31T13:15:41+00:00\">mar\u00e7 31, 2026<\/time><\/div><\/div><\/div>\n\n<\/li><li class=\"wp-block-post post-13905 post type-post status-publish format-standard has-post-thumbnail hentry category-uncategorized\">\n\n<div class=\"wp-block-group\" style=\"padding-top:30px;padding-right:30px;padding-bottom:30px;padding-left:30px\"><div class=\"wp-block-group__inner-container is-layout-flow wp-block-group-is-layout-flow\">\n<div class=\"wp-block-cover alignfull is-light has-custom-content-position is-position-top-left wp-duotone-unset-6\" style=\"min-height:201px;aspect-ratio:unset;\"><span aria-hidden=\"true\" class=\"wp-block-cover__background has-background-dim\" style=\"background-color:#f4f9fd\"><\/span><img loading=\"lazy\" decoding=\"async\" width=\"785\" height=\"725\" src=\"https:\/\/www.somasrsa.cat\/wp-content\/uploads\/2025\/11\/foto-reparacio-3.png\" class=\"wp-block-cover__image-background wp-post-image\" alt=\"\" data-object-fit=\"cover\" srcset=\"https:\/\/www.somasrsa.cat\/wp-content\/uploads\/2025\/11\/foto-reparacio-3.png 785w, https:\/\/www.somasrsa.cat\/wp-content\/uploads\/2025\/11\/foto-reparacio-3-300x277.png 300w, https:\/\/www.somasrsa.cat\/wp-content\/uploads\/2025\/11\/foto-reparacio-3-768x709.png 768w\" sizes=\"auto, (max-width: 785px) 100vw, 785px\" \/><div class=\"wp-block-cover__inner-container is-layout-constrained wp-block-cover-is-layout-constrained\">\n<p class=\"has-text-align-center has-medium-font-size\"><\/p>\n<\/div><\/div>\n\n\n\n<div style=\"height:32px\" aria-hidden=\"true\" class=\"wp-block-spacer\"><\/div>\n\n\n<h2 class=\"wp-block-post-title has-small-font-size\"><a href=\"https:\/\/www.somasrsa.cat\/?p=13905\" target=\"_self\" >DILLUNS 30 DE MAR\u00c7<\/a><\/h2>\n\n<div class=\"wp-block-post-excerpt has-small-font-size\"><p class=\"wp-block-post-excerpt__excerpt\">AVARIA A LA XARXA. Subministrament susp\u00e8s al C\/ Raval de l&#8217;Hospital. Servei restablert a les 12h. <\/p><\/div>\n\n<div class=\"wp-block-post-date\"><time datetime=\"2026-03-30T07:30:35+00:00\">mar\u00e7 30, 2026<\/time><\/div><\/div><\/div>\n\n<\/li><li class=\"wp-block-post post-13865 post type-post status-publish format-standard has-post-thumbnail hentry category-uncategorized\">\n\n<div class=\"wp-block-group\" style=\"padding-top:30px;padding-right:30px;padding-bottom:30px;padding-left:30px\"><div class=\"wp-block-group__inner-container is-layout-flow wp-block-group-is-layout-flow\">\n<div class=\"wp-block-cover alignfull is-light has-custom-content-position is-position-top-left wp-duotone-unset-7\" style=\"min-height:201px;aspect-ratio:unset;\"><span aria-hidden=\"true\" class=\"wp-block-cover__background has-background-dim\" style=\"background-color:#f4f9fd\"><\/span><img loading=\"lazy\" decoding=\"async\" width=\"785\" height=\"725\" src=\"https:\/\/www.somasrsa.cat\/wp-content\/uploads\/2025\/11\/foto-reparacio-3.png\" class=\"wp-block-cover__image-background wp-post-image\" alt=\"\" data-object-fit=\"cover\" srcset=\"https:\/\/www.somasrsa.cat\/wp-content\/uploads\/2025\/11\/foto-reparacio-3.png 785w, https:\/\/www.somasrsa.cat\/wp-content\/uploads\/2025\/11\/foto-reparacio-3-300x277.png 300w, https:\/\/www.somasrsa.cat\/wp-content\/uploads\/2025\/11\/foto-reparacio-3-768x709.png 768w\" sizes=\"auto, (max-width: 785px) 100vw, 785px\" \/><div class=\"wp-block-cover__inner-container is-layout-constrained wp-block-cover-is-layout-constrained\">\n<p class=\"has-text-align-center has-medium-font-size\"><\/p>\n<\/div><\/div>\n\n\n\n<div style=\"height:32px\" aria-hidden=\"true\" class=\"wp-block-spacer\"><\/div>\n\n\n<h2 class=\"wp-block-post-title has-small-font-size\"><a href=\"https:\/\/www.somasrsa.cat\/?p=13865\" target=\"_self\" >DIVENDRES 13 DE MAR\u00c7<\/a><\/h2>\n\n<div class=\"wp-block-post-excerpt has-small-font-size\"><p class=\"wp-block-post-excerpt__excerpt\">AVARIA A LA XARXA. Subministrament susp\u00e8s al C\/ Concepci\u00f3 Ducloux n.12 i n.14. Servei restablert a les 11:15h. <\/p><\/div>\n\n<div class=\"wp-block-post-date\"><time datetime=\"2026-03-13T09:14:37+00:00\">mar\u00e7 13, 2026<\/time><\/div><\/div><\/div>\n\n<\/li><\/ul><\/div>\n\n\n\n<div class=\"wp-block-buttons alignfull is-content-justification-center is-layout-flex wp-container-core-buttons-is-layout-16018d1d wp-block-buttons-is-layout-flex\">\n<div class=\"wp-block-button\"><a class=\"wp-block-button__link has-background wp-element-button\" href=\"https:\/\/www.somasrsa.cat\/?page_id=7\" style=\"background-color:#55c9bb\">VEURE M\u00c9S NOT\u00cdCIES<\/a><\/div>\n<\/div>\n<\/div>\n<\/div>\n\n\n\n<div style=\"height:100px;width:131px\" aria-hidden=\"true\" class=\"wp-block-spacer wp-container-content-466c4b48\"><\/div>\n<\/div>\n<\/div><\/div>\n<\/div>\n\n\n\n<div style=\"height:100px\" aria-hidden=\"true\" class=\"wp-block-spacer\"><\/div>\n\n\n\n<div style=\"height:100px\" aria-hidden=\"true\" class=\"wp-block-spacer\"><\/div>\n\n\n\n<div class=\"wp-block-group alignfull has-background-color has-white-color has-black-background-color has-text-color has-background has-link-color wp-elements-7b8034965fe69cb2b2ec418dfa1ce2e6 is-vertical is-content-justification-stretch is-layout-flex wp-container-core-group-is-layout-47eb2bc5 wp-block-group-is-layout-flex\" style=\"min-height:40vh;margin-top:0;margin-bottom:0;padding-top:var(--wp--preset--spacing--60);padding-right:var(--wp--preset--spacing--40);padding-bottom:var(--wp--preset--spacing--60);padding-left:var(--wp--preset--spacing--40)\">\n<div class=\"wp-block-columns alignwide has-small-font-size is-layout-flex wp-container-core-columns-is-layout-9d6595d7 wp-block-columns-is-layout-flex\">\n<div class=\"wp-block-column is-layout-flow wp-block-column-is-layout-flow\">\n<h4 class=\"wp-block-heading has-text-align-center\">Ens trobareu a:<\/h4>\n\n\n\n<h4 class=\"wp-block-heading has-text-align-center\">Ctra. de Barcelona n.51, 17.500 Ripoll<\/h4>\n\n\n\n<h4 class=\"wp-block-heading has-text-align-center\">972702701<\/h4>\n\n\n\n<h4 class=\"wp-block-heading has-text-align-center\">de Dilluns a divendres<\/h4>\n\n\n\n<h4 class=\"wp-block-heading has-text-align-center\">de 9:00 a 13:00 i de 15:00 a 17:00<\/h4>\n\n\n\n<p class=\"has-text-align-center\"><\/p>\n\n\n\n<p><\/p>\n\n\n\n<p><\/p>\n<\/div>\n\n\n\n<div class=\"wp-block-column is-layout-flow wp-block-column-is-layout-flow\">\n<div style=\"height:24px\" aria-hidden=\"true\" class=\"wp-block-spacer\"><\/div>\n\n\n\n<div style=\"height:24px\" aria-hidden=\"true\" class=\"wp-block-spacer\"><\/div>\n\n\n\n<div style=\"height:24px\" aria-hidden=\"true\" class=\"wp-block-spacer\"><\/div>\n\n\n\n<div class=\"wp-block-group is-vertical is-content-justification-center is-layout-flex wp-container-core-group-is-layout-bdd043ae wp-block-group-is-layout-flex\">\n<h4 class=\"wp-block-heading\"><a href=\"https:\/\/www.somasrsa.cat\/?page_id=12913\" data-type=\"page\" data-id=\"12913\">POL\u00cdTICA DE PRIVACITAT DEL LLOC WEB<\/a><\/h4>\n\n\n\n<h4 class=\"wp-block-heading\"><a href=\"https:\/\/www.somasrsa.cat\/?page_id=12898\" data-type=\"page\" data-id=\"12898\">AV\u00cdS LEGAL I CONDICIONS GENERALS D\u2019\u00daS<\/a><\/h4>\n<\/div>\n<\/div>\n\n\n\n<div class=\"wp-block-column is-vertically-aligned-top is-layout-flow wp-block-column-is-layout-flow\">\n<ul class=\"wp-block-list\">\n<li><\/li>\n<\/ul>\n\n\n\n<div style=\"height:34px\" aria-hidden=\"true\" class=\"wp-block-spacer\"><\/div>\n\n\n<div class=\"aligncenter wp-block-site-logo\"><a href=\"https:\/\/www.somasrsa.cat\/\" class=\"custom-logo-link  no-t-logo\" rel=\"home\" itemprop=\"url\"><img loading=\"lazy\" decoding=\"async\" width=\"277\" height=\"62\" src=\"https:\/\/www.somasrsa.cat\/wp-content\/uploads\/2017\/08\/cropped-logoGRAN-FON.png\" class=\"custom-logo\" alt=\"\" itemprop=\"logo\" srcset=\"https:\/\/www.somasrsa.cat\/wp-content\/uploads\/2017\/08\/cropped-unnamed-file.png 2x\" \/><\/a><\/div>\n\n\n<div style=\"height:24px\" aria-hidden=\"true\" class=\"wp-block-spacer\"><\/div>\n<\/div>\n<\/div>\n<\/div>\n\n\n\n<p><\/p>\n","protected":false},"excerpt":{"rendered":"<p>Ens trobareu a: Ctra. de Barcelona n.51, 17.500 Ripoll 972702701 de Dilluns a divendres de 9:00 a 13:00 i de 15:00 a 17:00 POL\u00cdTICA DE PRIVACITAT DEL LLOC WEB AV\u00cdS &#8230;<\/p>\n","protected":false},"author":1,"featured_media":13596,"parent":0,"menu_order":0,"comment_status":"closed","ping_status":"open","template":"template-fullwidth-stretched.php","meta":{"footnotes":""},"class_list":["post-2","page","type-page","status-publish","has-post-thumbnail","hentry"],"_links":{"self":[{"href":"https:\/\/www.somasrsa.cat\/index.php?rest_route=\/wp\/v2\/pages\/2","targetHints":{"allow":["GET"]}}],"collection":[{"href":"https:\/\/www.somasrsa.cat\/index.php?rest_route=\/wp\/v2\/pages"}],"about":[{"href":"https:\/\/www.somasrsa.cat\/index.php?rest_route=\/wp\/v2\/types\/page"}],"author":[{"embeddable":true,"href":"https:\/\/www.somasrsa.cat\/index.php?rest_route=\/wp\/v2\/users\/1"}],"replies":[{"embeddable":true,"href":"https:\/\/www.somasrsa.cat\/index.php?rest_route=%2Fwp%2Fv2%2Fcomments&post=2"}],"version-history":[{"count":71,"href":"https:\/\/www.somasrsa.cat\/index.php?rest_route=\/wp\/v2\/pages\/2\/revisions"}],"predecessor-version":[{"id":13688,"href":"https:\/\/www.somasrsa.cat\/index.php?rest_route=\/wp\/v2\/pages\/2\/revisions\/13688"}],"wp:featuredmedia":[{"embeddable":true,"href":"https:\/\/www.somasrsa.cat\/index.php?rest_route=\/wp\/v2\/media\/13596"}],"wp:attachment":[{"href":"https:\/\/www.somasrsa.cat\/index.php?rest_route=%2Fwp%2Fv2%2Fmedia&parent=2"}],"curies":[{"name":"wp","href":"https:\/\/api.w.org\/{rel}","templated":true}]}}